{"id":19294,"date":"2024-12-04T12:34:18","date_gmt":"2024-12-04T11:34:18","guid":{"rendered":"http:\/\/192.168.20.3\/?page_id=19294"},"modified":"2026-03-31T12:17:02","modified_gmt":"2026-03-31T10:17:02","slug":"politica-de-privacidad","status":"publish","type":"page","link":"https:\/\/orekait.com\/es\/politica-de-privacidad\/","title":{"rendered":"Pol\u00edtica de privacidad"},"content":{"rendered":"<p>[et_pb_section fb_built=&#8221;1&#8243; admin_label=&#8221;section&#8221; _builder_version=&#8221;4.16&#8243; global_colors_info=&#8221;{}&#8221;][et_pb_row admin_label=&#8221;row&#8221; _builder_version=&#8221;4.16&#8243; background_size=&#8221;initial&#8221; background_position=&#8221;top_left&#8221; background_repeat=&#8221;repeat&#8221; global_colors_info=&#8221;{}&#8221;][et_pb_column type=&#8221;4_4&#8243; _builder_version=&#8221;4.16&#8243; custom_padding=&#8221;|||&#8221; global_colors_info=&#8221;{}&#8221; custom_padding__hover=&#8221;|||&#8221;][et_pb_text _builder_version=&#8221;4.25.2&#8243; _module_preset=&#8221;default&#8221; global_colors_info=&#8221;{}&#8221;]<\/p>\n<h1>POL\u00cdTICA DE PRIVACIDAD<\/h1>\n<div class=\"et_pb_module et_pb_text et_pb_text_1  et_pb_text_align_left et_pb_bg_layout_light\">\n<div class=\"et_pb_text_inner\">\n<p>En OREKA INFORMATION TECHNOLOGIES, S.L. (en adelante OREKA IT). estamos comprometidos con tus derechos y la defensa de tu privacidad.<\/p>\n<p>Esta pol\u00edtica expresa c\u00f3mo tratamos y protegemos la informaci\u00f3n personal de todos los que os relacion\u00e1is con OREKA IT a trav\u00e9s de nuestro sitio web.<\/p>\n<\/div>\n<\/div>\n<p>[\/et_pb_text][\/et_pb_column][\/et_pb_row][et_pb_row _builder_version=&#8221;4.25.2&#8243; _module_preset=&#8221;default&#8221; global_colors_info=&#8221;{}&#8221;][et_pb_column type=&#8221;4_4&#8243; _builder_version=&#8221;4.25.2&#8243; _module_preset=&#8221;default&#8221; global_colors_info=&#8221;{}&#8221;][et_pb_accordion open_toggle_background_color=&#8221;RGBA(255,255,255,0)&#8221; closed_toggle_background_color=&#8221;RGBA(255,255,255,0)&#8221; icon_color=&#8221;#CD0B79&#8243; use_icon_font_size=&#8221;on&#8221; icon_font_size=&#8221;35px&#8221; _builder_version=&#8221;4.25.2&#8243; _module_preset=&#8221;default&#8221; global_colors_info=&#8221;{}&#8221;][et_pb_accordion_item title=&#8221;1. INFORMACI\u00d3N AL USUARIO&#8221; open=&#8221;on&#8221; _builder_version=&#8221;4.25.2&#8243; _module_preset=&#8221;default&#8221; border_color_all=&#8221;#CD0B79&#8243; global_colors_info=&#8221;{}&#8221;]<\/p>\n<p><strong>OREKA IT,<\/strong>\u00a0como Responsable del Tratamiento, te informa que, seg\u00fan lo dispuesto en el Reglamento (UE) 2016\/679, de 27 de abril de 2016, (RGPD) y en la Ley Org\u00e1nica 3\/2018, de 5 de diciembre, de Protecci\u00f3n de Datos Personales y garant\u00eda de los derechos digitales (LOPDGDD), trataremos tus datos tal y como reflejamos en la presente Pol\u00edtica de Privacidad.<\/p>\n<p>En esta Pol\u00edtica de Privacidad describimos c\u00f3mo recogemos tus datos personales y por qu\u00e9 los recogemos, qu\u00e9 hacemos con ellos, con qui\u00e9n los compartimos, c\u00f3mo los protegemos y tus opciones en cuanto al tratamiento de tus datos personales.<\/p>\n<p>Esta Pol\u00edtica se aplica al tratamiento de tus datos personales recogidos por la empresa para la prestaci\u00f3n de sus servicios. Si aceptas esta Pol\u00edtica, aceptas que tratemos tus datos personales como se define en esta Pol\u00edtica.<\/p>\n<p>[\/et_pb_accordion_item][et_pb_accordion_item title=&#8221;2. CONTACTO&#8221; _builder_version=&#8221;4.25.2&#8243; _module_preset=&#8221;default&#8221; global_colors_info=&#8221;{}&#8221; open=&#8221;off&#8221;]<\/p>\n<p>Denominaci\u00f3n social: OREKA INFORMATION TECHNOLOGIES, S.L.\u00a0\u00a0\u00a0\u00a0\u00a0\u00a0\u00a0<\/p>\n<p>Nombre comercial: OREKA IT<\/p>\n<p>NIF: B01451756<\/p>\n<p>Domicilio: Avenida de los Olmos 1, Edificio D IV, Oficina 243<\/p>\n<p>\u00a0\u00a0\u00a0\u00a0\u00a0\u00a0\u00a0\u00a0\u00a0\u00a0\u00a0\u00a0\u00a0\u00a0\u00a0\u00a0\u00a0\u00a0 Vitoria-Gasteiz (01013 Araba \/ \u00c1lava)<\/p>\n<p>Tel\u00e9fono: 945067219<\/p>\n<p>e-mail:\u00a0<a href=\"mailto:rgpd@orekait.com\">rgpd@orekait.com<\/a><\/p>\n<p>[\/et_pb_accordion_item][et_pb_accordion_item title=&#8221;3.PRINCIPIOS CLAVE&#8221; _builder_version=&#8221;4.25.2&#8243; _module_preset=&#8221;default&#8221; global_colors_info=&#8221;{}&#8221; open=&#8221;off&#8221;]<\/p>\n<p>Estamos comprometidos con prestar nuestros servicios con el m\u00e1s alto grado de calidad, lo que incluye tratar tus datos con seguridad y transparencia. Nuestros principios son:<\/p>\n<ul>\n<li><strong>Legalidad<\/strong>: Solo recopilaremos tus datos personales para fines espec\u00edficos, expl\u00edcitos y leg\u00edtimos.<\/li>\n<li><strong>Minimizaci\u00f3n de datos<\/strong>: Limitamos la recogida de datos de car\u00e1cter personal a lo que es estrictamente relevante y necesario para los fines para los que se han recopilado.<\/li>\n<li><strong>Limitaci\u00f3n de la Finalidad<\/strong>: Solo recogeremos tus datos personales para los fines declarados y solo seg\u00fan tus deseos.<\/li>\n<li><strong>Precisi\u00f3n<\/strong>: Mantendremos tus datos personales exactos y actualizados.<\/li>\n<li><strong>Seguridad de los Datos<\/strong>: Aplicamos las medidas t\u00e9cnicas y organizativas adecuadas y proporcionales a los riesgos para garantizar que tus datos no sufran da\u00f1os, tales como divulgaci\u00f3n o acceso no autorizado, la destrucci\u00f3n accidental o il\u00edcita o su p\u00e9rdida accidental o alteraci\u00f3n y cualquier otra forma de tratamiento il\u00edcito.<\/li>\n<li><strong>Acceso y Rectificaci\u00f3n<\/strong>: Disponemos de medios para que acceda o rectifiques tus datos cuando lo consideres oportuno.<\/li>\n<li><strong>Conservaci\u00f3n<\/strong>: Conservamos tus datos personales de manera legal y apropiada y solo mientras es necesario para los fines para los que se han recopilado.<\/li>\n<li><strong>No se realizar\u00e1n transferencias internacionales de datos.<\/strong><\/li>\n<li><strong>Terceros<\/strong>: El acceso y transferencia de datos personales a terceros se llevan a cabo de acuerdo con las leyes y reglamentos aplicables y con las garant\u00edas contractuales adecuadas.<\/li>\n<li><strong>Marketing Directo y cookies<\/strong>: Cumplimos con la legislaci\u00f3n aplicable en materia de publicidad y\u00a0<a href=\"https:\/\/orekait.com\/es\/politica-de-cookies\/\">cookies<\/a><\/li>\n<\/ul>\n<p>[\/et_pb_accordion_item][et_pb_accordion_item title=&#8221;4. RECOGIDA DE TRATAMIENTO DE SUS DATOS PERSONALES&#8221; _builder_version=&#8221;4.25.2&#8243; _module_preset=&#8221;default&#8221; global_colors_info=&#8221;{}&#8221; open=&#8221;off&#8221;]<\/p>\n<p><span data-contrast=\"auto\">Los tipos<\/span><span data-contrast=\"auto\">\u00a0de datos que se pueden solicitar y tratar son:<\/span><span data-ccp-props=\"{&quot;134233117&quot;:true,&quot;134233118&quot;:true,&quot;201341983&quot;:0,&quot;335551550&quot;:6,&quot;335551620&quot;:6,&quot;335559739&quot;:160,&quot;335559740&quot;:240}\">\u00a0<\/span><\/p>\n<ul>\n<li data-leveltext=\"\uf0b7\" data-font=\"Symbol\" data-listid=\"2\" aria-setsize=\"-1\" data-aria-posinset=\"1\" data-aria-level=\"1\"><span data-contrast=\"auto\">Datos de car\u00e1cter identificativo.<\/span><span data-ccp-props=\"{&quot;134233117&quot;:true,&quot;134233118&quot;:true,&quot;201341983&quot;:0,&quot;335551550&quot;:6,&quot;335551620&quot;:6,&quot;335559739&quot;:160,&quot;335559740&quot;:240}\">\u00a0<\/span><\/li>\n<\/ul>\n<p><span data-contrast=\"auto\">Tambi\u00e9n recogemos de forma autom\u00e1tica datos sobre\u00a0<\/span><span data-contrast=\"auto\">t<\/span><span data-contrast=\"auto\">u visita a nuestro sitio\u00a0<\/span><span data-contrast=\"auto\">web seg\u00fan<\/span><span data-contrast=\"auto\">\u00a0se describe en la\u00a0<\/span><a href=\"https:\/\/orekait.com\/blog\/politica-de-cookies\/\"><span data-contrast=\"auto\">pol\u00edtica de cookies<\/span><span data-contrast=\"auto\">.<\/span><span data-ccp-props=\"{&quot;134233117&quot;:true,&quot;134233118&quot;:true,&quot;201341983&quot;:0,&quot;335551550&quot;:6,&quot;335551620&quot;:6,&quot;335559739&quot;:160,&quot;335559740&quot;:240}\">\u00a0<\/span><\/a><\/p>\n<p>Siempre que solicitemos tus datos personales, te informaremos con claridad de qu\u00e9 datos personales recogemos y con qu\u00e9 fin. En general, recogemos y tratamos tus datos personales con el prop\u00f3sito de:<\/p>\n<p>&nbsp;<\/p>\n<ul>\n<li>\u00a0Proporcionar informaci\u00f3n, servicios, productos, informaci\u00f3n relevante, novedades en el sector y env\u00edo de comunicaciones. En nombre de la empresa tratamos la informaci\u00f3n que nos facilita con el fin de enviarle publicidad relacionada con nuestros productos y servicios por cualquier medio (postal, email o tel\u00e9fono) e invitarles a eventos organizados por la empresa. Los datos proporcionados se conservar\u00e1n mientras no solicite el cese de la actividad. Los datos no se ceder\u00e1n a terceros salvo en los casos en que exista una obligaci\u00f3n legal.<\/li>\n<\/ul>\n<p>&nbsp;<\/p>\n<ul>\n<li>Participaci\u00f3n en Conferencias (Webinar, presenciales\u2026), Formaciones o cualquier tipo de acto en el que sea preciso una inscripci\u00f3n previa. Tratamos la informaci\u00f3n que nos facilita con el fin de proceder a una correcta inscripci\u00f3n. Los datos facilitados se utilizar\u00e1n exclusivamente para la inscripci\u00f3n en el acto organizado a no ser que la persona interesada acepte la posibilidad de otros usos en los formularios de inscripci\u00f3n utilizados. Los datos no se ceder\u00e1n a terceros salvo en los casos en que exista una obligaci\u00f3n legal.<\/li>\n<\/ul>\n<p>&nbsp;<\/p>\n<ul>\n<li>Recepci\u00f3n de candidaturas. En nombre de la empresa tratamos la informaci\u00f3n que nos facilita con el fin de mantenerle informado de las distintas vacantes a un puesto de trabajo que se produzcan en nuestra organizaci\u00f3n. Los datos proporcionados se conservar\u00e1n hasta la adjudicaci\u00f3n de un puesto de trabajo o hasta que usted ejerza su derecho de cancelaci\u00f3n o cualquiera de los derechos indicados en el punto 7 de la presente pol\u00edtica de privacidad. Los datos no se ceder\u00e1n a terceros salvo en los casos en que exista una obligaci\u00f3n legal.<\/li>\n<\/ul>\n<p><span data-contrast=\"auto\">Aparte de los datos recogidos en la p\u00e1gina web,\u00a0<\/span><span data-contrast=\"auto\">en la operativa habitual de OREKA IT,\u00a0<\/span><span data-contrast=\"auto\">tambi\u00e9n trata<\/span><span data-contrast=\"auto\">remos<\/span><span data-contrast=\"auto\">\u00a0los siguientes datos:<\/span><span data-ccp-props=\"{&quot;134233117&quot;:true,&quot;134233118&quot;:true,&quot;201341983&quot;:0,&quot;335551550&quot;:6,&quot;335551620&quot;:6,&quot;335559739&quot;:160,&quot;335559740&quot;:240}\">\u00a0<\/span><\/p>\n<ul>\n<li data-leveltext=\"-\" data-font=\"AvenirNext LT Pro Regular\" data-listid=\"7\" aria-setsize=\"-1\" data-aria-posinset=\"0\" data-aria-level=\"1\"><span data-contrast=\"auto\">Datos de clientes<\/span><span data-contrast=\"auto\">\/posibles clientes<\/span><span data-contrast=\"auto\">: Exclusivamente los datos nec<\/span><span data-contrast=\"auto\">esarios para la correcta prestaci\u00f3n\u00a0<\/span><span data-contrast=\"auto\">y<\/span><span data-contrast=\"auto\">\u00a0oferta de servicios.<\/span><span data-contrast=\"auto\">\u00a0<\/span><span data-ccp-props=\"{&quot;134233117&quot;:true,&quot;134233118&quot;:true,&quot;134233279&quot;:true,&quot;201341983&quot;:0,&quot;335551550&quot;:6,&quot;335551620&quot;:6,&quot;335559739&quot;:160,&quot;335559740&quot;:240}\">\u00a0<\/span><\/li>\n<li data-leveltext=\"-\" data-font=\"AvenirNext LT Pro Regular\" data-listid=\"7\" aria-setsize=\"-1\" data-aria-posinset=\"0\" data-aria-level=\"1\"><span data-contrast=\"auto\">Datos de proveedores<\/span><span data-contrast=\"auto\">: Exclusivamente los datos necesarios para un adecuado mantenimiento y control de la relaci\u00f3n contractual y de los servicios que nos prestan.<\/span><span data-ccp-props=\"{&quot;134233117&quot;:true,&quot;134233118&quot;:true,&quot;134233279&quot;:true,&quot;201341983&quot;:0,&quot;335551550&quot;:6,&quot;335551620&quot;:6,&quot;335559739&quot;:160,&quot;335559740&quot;:240}\">\u00a0<\/span><\/li>\n<\/ul>\n<ul>\n<li data-leveltext=\"-\" data-font=\"AvenirNext LT Pro Regular\" data-listid=\"7\" aria-setsize=\"-1\" data-aria-posinset=\"0\" data-aria-level=\"1\"><span data-contrast=\"auto\">Datos de personal<\/span><span data-contrast=\"auto\">: Exclusivamente los datos necesarios para el cumplimiento de la normativa vigente en materia laboral<\/span><span data-contrast=\"auto\">, prevenci\u00f3n de riesgos, Seguridad Social<\/span><span data-contrast=\"auto\">\u2026<\/span><span data-ccp-props=\"{&quot;134233117&quot;:true,&quot;134233118&quot;:true,&quot;134233279&quot;:true,&quot;201341983&quot;:0,&quot;335551550&quot;:6,&quot;335551620&quot;:6,&quot;335559739&quot;:160,&quot;335559740&quot;:240}\">\u00a0<\/span><\/li>\n<li data-leveltext=\"-\" data-font=\"AvenirNext LT Pro Regular\" data-listid=\"7\" aria-setsize=\"-1\" data-aria-posinset=\"0\" data-aria-level=\"1\"><span data-contrast=\"auto\">Datos de candidatos: Exclusivamente los datos necesarios para mantener informados a los candidatos de las distintas vacantes a un puesto de trabajo en nuestra organizaci\u00f3n.<\/span><span data-ccp-props=\"{&quot;134233117&quot;:true,&quot;134233118&quot;:true,&quot;134233279&quot;:true,&quot;201341983&quot;:0,&quot;335551550&quot;:6,&quot;335551620&quot;:6,&quot;335559739&quot;:160,&quot;335559740&quot;:240}\">\u00a0<\/span><\/li>\n<\/ul>\n<p><span data-contrast=\"auto\">En todos estos casos, trataremos los datos<\/span><span data-contrast=\"auto\">\u00a0<\/span><span data-contrast=\"auto\">siempre respetando los principios de legitimidad, que indicamos en el siguiente punto.<\/span><span data-ccp-props=\"{&quot;134233117&quot;:true,&quot;134233118&quot;:true,&quot;201341983&quot;:0,&quot;335551550&quot;:6,&quot;335551620&quot;:6,&quot;335559739&quot;:160,&quot;335559740&quot;:240}\">\u00a0<\/span><\/p>\n<p>[\/et_pb_accordion_item][et_pb_accordion_item title=&#8221;5. LEGITIMIDAD&#8221; _builder_version=&#8221;4.25.2&#8243; _module_preset=&#8221;default&#8221; global_colors_info=&#8221;{}&#8221; open=&#8221;off&#8221;]<\/p>\n<p>De acuerdo con la normativa de protecci\u00f3n de datos aplicable, tus datos personales podr\u00e1n tratarse siempre que:<\/p>\n<ul>\n<li>Nos hayas dado tu consentimiento a los efectos del tratamiento. Por supuesto podr\u00e1s retirar tu consentimiento en cualquier momento.<\/li>\n<li>Por requerimiento legal.<\/li>\n<li>Por existir un inter\u00e9s leg\u00edtimo que no se vea menoscabado por sus derechos de privacidad, como por ejemplo el env\u00edo de informaci\u00f3n comercial bien por suscripci\u00f3n a nuestra newsletter o por la condici\u00f3n de cliente.<\/li>\n<li>Por ser necesaria para la prestaci\u00f3n de alguno de nuestros servicios mediante relaci\u00f3n contractual.<\/li>\n<\/ul>\n<p>[\/et_pb_accordion_item][et_pb_accordion_item title=&#8221;6. COMUNICACI\u00d3N DE DATOS PERSONALES&#8221; _builder_version=&#8221;4.25.2&#8243; _module_preset=&#8221;default&#8221; global_colors_info=&#8221;{}&#8221; open=&#8221;off&#8221;]<\/p>\n<p>La empresa no realizar\u00e1 ninguna cesi\u00f3n, salvo por obligaci\u00f3n legal.<\/p>\n<p>Los datos pueden ser comunicados a empresas relacionadas con\u00a0<strong>OREKA IT<\/strong>\u00a0para la prestaci\u00f3n de los diversos servicios en calidad de Encargados del Tratamiento.<\/p>\n<p>[\/et_pb_accordion_item][et_pb_accordion_item title=&#8221;7. TUS DERECHOS&#8221; _builder_version=&#8221;4.25.2&#8243; _module_preset=&#8221;default&#8221; global_colors_info=&#8221;{}&#8221; open=&#8221;off&#8221;]<\/p>\n<p>En relaci\u00f3n con la recogida y tratamiento de tus datos personales, puedes ponerte en contacto con nosotros en cualquier momento para:<\/p>\n<ul>\n<li>Acceder a tus datos personales y a cualquier otra informaci\u00f3n indicada en el Art\u00edculo 15.1 del RGPD.<\/li>\n<li>Rectificar tus datos personales que sean inexactos o est\u00e9n incompletos de acuerdo con el Art\u00edculo 16 del RGPD.<\/li>\n<li>Suprimir tus datos personales de acuerdo con el Art\u00edculo 17 del RGPD.<\/li>\n<li>Limitar el tratamiento de tus datos personales de acuerdo con el Art\u00edculo 18 del RGPD.<\/li>\n<li>Solicitar la portabilidad de tus datos de acuerdo con el Art\u00edculo 20 del RGPD.<\/li>\n<li>Oponerte al tratamiento de tus datos personales de acuerdo con el art\u00edculo 21 del RGPD.<\/li>\n<\/ul>\n<p>Si has otorgado tu consentimiento para alguna finalidad concreta, tienes derecho a retirar el consentimiento otorgado en cualquier momento, sin que ello afecte a la licitud del tratamiento basado en el consentimiento previo a su retirada.<\/p>\n<p>Puedes ejercer estos derechos enviando comunicaci\u00f3n, motivada y acreditada, a\u00a0<a href=\"mailto:rgpd@orekait.com\">rgpd@orekait.com<\/a>.<\/p>\n<p>Tambi\u00e9n tienes derecho a presentar una reclamaci\u00f3n ante la Autoridad de control competente (<a href=\"https:\/\/aepd.es\/\" target=\"_blank\" rel=\"noopener\">www.aepd.es<\/a>) si\u00a0consideras que el tratamiento no se ajusta a la normativa vigente.<\/p>\n<p>[\/et_pb_accordion_item][et_pb_accordion_item title=&#8221;8. MENORES DE EDAD&#8221; _builder_version=&#8221;4.25.2&#8243; _module_preset=&#8221;default&#8221; global_colors_info=&#8221;{}&#8221; open=&#8221;off&#8221;]<\/p>\n<p>En el caso de que el usuario que acceda a la web sea menor de edad, deber\u00e1 haber obtenido previamente, la autorizaci\u00f3n de sus padres o tutores legales, quienes ser\u00e1n responsables, en cualquier caso, de los actos realizados por los menores a su cargo. En el caso de que menores de edad, incumpliendo las obligaciones que acabamos de se\u00f1alar, nos faciliten alg\u00fan tipo de dato personal, OREKA IT no asumir\u00e1 ning\u00fan tipo de responsabilidad derivada de esa acci\u00f3n.<\/p>\n<p>[\/et_pb_accordion_item][et_pb_accordion_item title=&#8221;9. MEDIDAS DE SEGURIDAD Y CONFIDENCIALIDAD&#8221; _builder_version=&#8221;4.25.2&#8243; _module_preset=&#8221;default&#8221; global_colors_info=&#8221;{}&#8221; open=&#8221;off&#8221;]<\/p>\n<p>Tratamos tus datos personales con el m\u00e1ximo respeto, comprometi\u00e9ndonos con la confidencialidad y la seguridad del tratamiento.<\/p>\n<p>Para mantener la seguridad en nuestro sitio web, utilizamos un certificado SSL para que la transmisi\u00f3n de tus datos se realice de manera \u00edntegra y segura.<\/p>\n<p>Cualquier persona autorizada para tratar tus datos, tiene la obligaci\u00f3n, ya sea bajo un deber contractual o legal, de respetar escrupulosamente la finalidad leg\u00edtima, la confidencialidad de los datos tratados, as\u00ed como la obligaci\u00f3n de cumplir con todo lo establecido en la normativa vigente de protecci\u00f3n de datos.<\/p>\n<p>En caso de sufrir alg\u00fan incidente de seguridad, en el que consideramos que tus datos pudieran estar involucrados, te lo notificaremos a la mayor brevedad posible, respetando las formas y plazos legalmente establecidos.<\/p>\n<p>[\/et_pb_accordion_item][et_pb_accordion_item title=&#8221;10. INFORMACION LEGAL&#8221; _builder_version=&#8221;4.25.2&#8243; _module_preset=&#8221;default&#8221; global_colors_info=&#8221;{}&#8221; open=&#8221;off&#8221;]<\/p>\n<p>Los requisitos de esta Pol\u00edtica complementan, y no reemplazan, cualquier otro requisito existente bajo la ley de protecci\u00f3n de datos aplicable, que ser\u00e1 la que prevalezca, en cualquier caso.<\/p>\n<p>Esta Pol\u00edtica est\u00e1 sujeta a revisiones peri\u00f3dicas y la empresa puede modificarla en cualquier momento. Cuando esto ocurra, te avisaremos de cualquier cambio y te pediremos que vuelvas a leer la versi\u00f3n m\u00e1s reciente de nuestra Pol\u00edtica y que confirmes su aceptaci\u00f3n.<\/p>\n<p>[\/et_pb_accordion_item][\/et_pb_accordion][\/et_pb_column][\/et_pb_row][\/et_pb_section]<\/p>\n","protected":false},"excerpt":{"rendered":"<p>POL\u00cdTICA DE PRIVACIDAD En OREKA INFORMATION TECHNOLOGIES, S.L. (en adelante OREKA IT). estamos comprometidos con tus derechos y la defensa de tu privacidad. Esta pol\u00edtica expresa c\u00f3mo tratamos y protegemos la informaci\u00f3n personal de todos los que os relacion\u00e1is con OREKA IT a trav\u00e9s de nuestro sitio web. OREKA IT,\u00a0como Responsable del Tratamiento, te informa [&hellip;]<\/p>\n","protected":false},"author":2,"featured_media":0,"parent":0,"menu_order":0,"comment_status":"closed","ping_status":"closed","template":"","meta":{"_et_pb_use_builder":"on","_et_pb_old_content":"","_et_gb_content_width":"","footnotes":""},"class_list":["post-19294","page","type-page","status-publish","hentry"],"_links":{"self":[{"href":"https:\/\/orekait.com\/es\/wp-json\/wp\/v2\/pages\/19294","targetHints":{"allow":["GET"]}}],"collection":[{"href":"https:\/\/orekait.com\/es\/wp-json\/wp\/v2\/pages"}],"about":[{"href":"https:\/\/orekait.com\/es\/wp-json\/wp\/v2\/types\/page"}],"author":[{"embeddable":true,"href":"https:\/\/orekait.com\/es\/wp-json\/wp\/v2\/users\/2"}],"replies":[{"embeddable":true,"href":"https:\/\/orekait.com\/es\/wp-json\/wp\/v2\/comments?post=19294"}],"version-history":[{"count":13,"href":"https:\/\/orekait.com\/es\/wp-json\/wp\/v2\/pages\/19294\/revisions"}],"predecessor-version":[{"id":33702,"href":"https:\/\/orekait.com\/es\/wp-json\/wp\/v2\/pages\/19294\/revisions\/33702"}],"wp:attachment":[{"href":"https:\/\/orekait.com\/es\/wp-json\/wp\/v2\/media?parent=19294"}],"curies":[{"name":"wp","href":"https:\/\/api.w.org\/{rel}","templated":true}]}}